{"id":497,"date":"2020-05-18T18:59:09","date_gmt":"2020-05-18T18:59:09","guid":{"rendered":"https:\/\/demo.pro.radio\/wp1\/event\/edm-festival\/"},"modified":"2025-08-21T16:44:43","modified_gmt":"2025-08-21T13:44:43","slug":"18ekim-gonyeli-genclik-festivali","status":"publish","type":"event","link":"https:\/\/radyojuke.com\/web\/event\/18ekim-gonyeli-genclik-festivali\/","title":{"rendered":"18\u201319 Ekim G\u00f6nyeli Gen\u00e7lik Festivali"},"content":{"rendered":"<p><img fetchpriority=\"high\" decoding=\"async\" class=\"alignnone size-medium wp-image-7198\" src=\"https:\/\/radyojuke.com\/web\/wp-content\/uploads\/2020\/05\/genclikfest3-819x1024-1-616x770.jpg\" alt=\"\" width=\"616\" height=\"770\" srcset=\"https:\/\/radyojuke.com\/wp-content\/uploads\/2020\/05\/genclikfest3-819x1024-1-616x770.jpg 616w, https:\/\/radyojuke.com\/wp-content\/uploads\/2020\/05\/genclikfest3-819x1024-1-768x960.jpg 768w, https:\/\/radyojuke.com\/wp-content\/uploads\/2020\/05\/genclikfest3-819x1024-1-10x12.jpg 10w, https:\/\/radyojuke.com\/wp-content\/uploads\/2020\/05\/genclikfest3-819x1024-1.jpg 819w\" sizes=\"(max-width: 616px) 100vw, 616px\" \/><\/p>\n<p><strong>18 Ekim-Cuma:<\/strong><\/p>\n<p>16.00 Kap\u0131 a\u00e7\u0131l\u0131\u015f\u0131 + DJ Co\u015fkuner<br \/>\n17.00 Serenad Konser<br \/>\n18.00 Osman Tu\u011fsal Konser<br \/>\n19.00 \u0130kiye On Kala Konser<br \/>\n21.00 Emir Can \u0130\u011frek Konser<\/p>\n<p>Ayr\u0131ca festival s\u00fcresince, birbirinden \u00f6zel festival lezzetleri, al\u0131\u015fveri\u015f stantlar\u0131, dans g\u00f6sterileri ve DJ performanslar\u0131 sizlerle bulu\u015facak<\/p>\n<p><strong>19 Ekim-Cumartesi:<\/strong><\/p>\n<p>16.00 Kap\u0131 A\u00e7\u0131l\u0131\u015f\u0131 + DJ Altu\u011f D\u00fclger<br \/>\n17.00 Odda Konser<br \/>\n18.00 Malek Asraf Konser<br \/>\n19.00 Nova Norda<br \/>\n21.00 Can Bonomo Konser<\/p>\n<p>Ayr\u0131ca festival s\u00fcresince, birbirinden \u00f6zel festival lezzetleri, al\u0131\u015fveri\u015f stantlar\u0131, dans g\u00f6sterileri ve DJ performanslar\u0131 sizlerle bulu\u015facak<\/p>\n","protected":false},"excerpt":{"rendered":"<p>18 Ekim-Cuma: 16.00 Kap\u0131 a\u00e7\u0131l\u0131\u015f\u0131 + DJ Co\u015fkuner 17.00 Serenad Konser 18.00 Osman Tu\u011fsal Konser 19.00 \u0130kiye On Kala Konser 21.00 Emir Can \u0130\u011frek Konser Ayr\u0131ca festival s\u00fcresince, birbirinden \u00f6zel festival lezzetleri, al\u0131\u015fveri\u015f stantlar\u0131, dans g\u00f6sterileri ve DJ performanslar\u0131 sizlerle bulu\u015facak 19 Ekim-Cumartesi: 16.00 Kap\u0131 A\u00e7\u0131l\u0131\u015f\u0131 + DJ Altu\u011f D\u00fclger ...<\/p>\n","protected":false},"featured_media":7198,"template":"","eventtype":[105,45,93],"class_list":["post-497","event","type-event","status-publish","has-post-thumbnail","hentry","eventtype-etkinlikler","eventtype-festival","eventtype-one-cikan"],"_links":{"self":[{"href":"https:\/\/radyojuke.com\/web\/wp-json\/wp\/v2\/event\/497","targetHints":{"allow":["GET"]}}],"collection":[{"href":"https:\/\/radyojuke.com\/web\/wp-json\/wp\/v2\/event"}],"about":[{"href":"https:\/\/radyojuke.com\/web\/wp-json\/wp\/v2\/types\/event"}],"wp:featuredmedia":[{"embeddable":true,"href":"https:\/\/radyojuke.com\/web\/wp-json\/wp\/v2\/media\/7198"}],"wp:attachment":[{"href":"https:\/\/radyojuke.com\/web\/wp-json\/wp\/v2\/media?parent=497"}],"wp:term":[{"taxonomy":"eventtype","embeddable":true,"href":"https:\/\/radyojuke.com\/web\/wp-json\/wp\/v2\/eventtype?post=497"}],"curies":[{"name":"wp","href":"https:\/\/api.w.org\/{rel}","templated":true}]}}