{"id":7653,"date":"2025-09-01T17:14:57","date_gmt":"2025-09-01T14:14:57","guid":{"rendered":"https:\/\/radyojuke.com\/web\/?post_type=event&#038;p=7653"},"modified":"2025-09-03T15:02:47","modified_gmt":"2025-09-03T12:02:47","slug":"gabfest-2025","status":"publish","type":"event","link":"https:\/\/radyojuke.com\/web\/event\/gabfest-2025\/","title":{"rendered":"GABFEST 2025"},"content":{"rendered":"<blockquote><p><em>ADANIN KALB\u0130 Y\u0130NE GABFEST 2025\u2019TE ATACAK<\/em><\/p><\/blockquote>\n<p>22 A\u011fustos\u2019ta Y\u0131lmazk\u00f6y\u2019de d\u00fczenledi\u011fimiz 12. Uluslararas\u0131 Halk Danslar\u0131 K\u00fclt\u00fcr Festivali \u2013 3. Y\u0131lmazk\u00f6y Folklor \u015e\u00f6leni ile festival co\u015fkusunun ilk ad\u0131m\u0131n\u0131 att\u0131k.<br \/>\nO gece y\u00fckselen heyecan, \u015fimdi dev bir festivalin kap\u0131lar\u0131n\u0131 a\u00e7\u0131yor.<\/p>\n<p>G\u00f6nyeli-Alayk\u00f6y Belediyesi olarak, spordan k\u00fclt\u00fcre, k\u00fclt\u00fcrden sanata uzanan b\u00fcy\u00fck bir bulu\u015fmay\u0131 hayata ge\u00e7iriyoruz: GABFEST 2025.<\/p>\n<p>Bizim i\u00e7in en b\u00fcy\u00fck gurur, festival sahnesinde hem T\u00fcrkiye\u2019nin sevilen sanat\u00e7\u0131lar\u0131n\u0131 hem de bu topraklar\u0131n sesini, nefesini ve g\u00fcc\u00fcn\u00fc ta\u015f\u0131yan kendi sanat\u00e7\u0131lar\u0131m\u0131z\u0131 hep birlikte g\u00f6rmek olacak. \u00c7\u00fcnk\u00fc bu festival, sadece e\u011flence de\u011fil; kentimizin, halk\u0131m\u0131z\u0131n, sanat\u00e7\u0131lar\u0131m\u0131z\u0131n ve \u00fclkemizin bulu\u015fmas\u0131d\u0131r.<\/p>\n<p>Y\u0131lmazk\u00f6y\u00fcm\u00fczdeki ba\u015flang\u0131c\u0131n ard\u0131ndan, 6 Eyl\u00fcl \u2013 4 Ekim tarihleri aras\u0131nda kentimizin d\u00f6rt bir yan\u0131nday\u0131z.<br \/>\n\u2022 K\u0131br\u0131s K\u00fclt\u00fcr G\u00fcn\u00fc ve Arap Ali Destan\u0131 ile de\u011ferlerimizi ya\u015fataca\u011f\u0131z,<br \/>\n\u2022 Ralli \u015eov ve Sokak Basketbolu ile gen\u00e7lerimizin enerjisini sahaya ta\u015f\u0131yaca\u011f\u0131z,<br \/>\n\u2022 Yerli sanat\u00e7\u0131lar\u0131m\u0131z\u0131n g\u00fc\u00e7l\u00fc sesiyle k\u00fclt\u00fcr\u00fcm\u00fcz\u00fc duyuracak,<br \/>\n\u2022 Fatma Turgut, Emircan \u0130\u011frek, Zeynep Bast\u0131k, Semicenk ve Hadise konserleriyle co\u015fkuyu doru\u011fa \u00e7\u0131karaca\u011f\u0131z.<\/p>\n<p>Ve en \u00f6nemlisi; t\u00fcm konserlerimiz ve etkinliklerimiz, halk\u0131m\u0131za hizmetimizin bir par\u00e7as\u0131 olarak \u00fccretsizdir.<\/p>\n<p>Bu festival, 7\u2019den 70\u2019e herkesi kucaklayan, k\u00fclt\u00fcr\u00fcm\u00fcz\u00fc, sanat\u0131m\u0131z\u0131 ve spor tutkumuzu bir araya getiren dev bir \u015f\u00f6len olacak.<\/p>\n<p>Siz de\u011ferli vatanda\u015flar\u0131m\u0131z\u0131 bu co\u015fkuya ortak olmaya davet ediyoruz.<\/p>\n<p>Gelin, hep birlikte g\u00f6sterelim: Adan\u0131n kalbi yine GABFEST 2025\u2019te atacak!<\/p>\n<p><img fetchpriority=\"high\" decoding=\"async\" class=\"alignnone size-medium wp-image-7634\" src=\"https:\/\/radyojuke.com\/wp-content\/uploads\/2020\/06\/etkinlik-takvimi-616x770.jpg\" alt=\"\" width=\"616\" height=\"770\" srcset=\"https:\/\/radyojuke.com\/wp-content\/uploads\/2020\/06\/etkinlik-takvimi-616x770.jpg 616w, https:\/\/radyojuke.com\/wp-content\/uploads\/2020\/06\/etkinlik-takvimi-936x1170.jpg 936w, https:\/\/radyojuke.com\/wp-content\/uploads\/2020\/06\/etkinlik-takvimi-768x960.jpg 768w, https:\/\/radyojuke.com\/wp-content\/uploads\/2020\/06\/etkinlik-takvimi-10x12.jpg 10w, https:\/\/radyojuke.com\/wp-content\/uploads\/2020\/06\/etkinlik-takvimi.jpg 1024w\" sizes=\"(max-width: 616px) 100vw, 616px\" \/><\/p>\n","protected":false},"excerpt":{"rendered":"<p>ADANIN KALB\u0130 Y\u0130NE GABFEST 2025\u2019TE ATACAK 22 A\u011fustos\u2019ta Y\u0131lmazk\u00f6y\u2019de d\u00fczenledi\u011fimiz 12. Uluslararas\u0131 Halk Danslar\u0131 K\u00fclt\u00fcr Festivali \u2013 3. Y\u0131lmazk\u00f6y Folklor \u015e\u00f6leni ile festival co\u015fkusunun ilk ad\u0131m\u0131n\u0131 att\u0131k. O gece y\u00fckselen heyecan, \u015fimdi dev bir festivalin kap\u0131lar\u0131n\u0131 a\u00e7\u0131yor. G\u00f6nyeli-Alayk\u00f6y Belediyesi olarak, spordan k\u00fclt\u00fcre, k\u00fclt\u00fcrden sanata uzanan b\u00fcy\u00fck bir bulu\u015fmay\u0131 hayata ge\u00e7iriyoruz: ...<\/p>\n","protected":false},"featured_media":7634,"template":"","eventtype":[105,45,93],"class_list":["post-7653","event","type-event","status-publish","has-post-thumbnail","hentry","eventtype-etkinlikler","eventtype-festival","eventtype-one-cikan"],"_links":{"self":[{"href":"https:\/\/radyojuke.com\/web\/wp-json\/wp\/v2\/event\/7653","targetHints":{"allow":["GET"]}}],"collection":[{"href":"https:\/\/radyojuke.com\/web\/wp-json\/wp\/v2\/event"}],"about":[{"href":"https:\/\/radyojuke.com\/web\/wp-json\/wp\/v2\/types\/event"}],"wp:featuredmedia":[{"embeddable":true,"href":"https:\/\/radyojuke.com\/web\/wp-json\/wp\/v2\/media\/7634"}],"wp:attachment":[{"href":"https:\/\/radyojuke.com\/web\/wp-json\/wp\/v2\/media?parent=7653"}],"wp:term":[{"taxonomy":"eventtype","embeddable":true,"href":"https:\/\/radyojuke.com\/web\/wp-json\/wp\/v2\/eventtype?post=7653"}],"curies":[{"name":"wp","href":"https:\/\/api.w.org\/{rel}","templated":true}]}}