{"id":8017,"date":"2026-04-22T16:25:11","date_gmt":"2026-04-22T13:25:11","guid":{"rendered":"https:\/\/radyojuke.com\/web\/?post_type=event&#038;p=8017"},"modified":"2026-04-27T16:28:17","modified_gmt":"2026-04-27T13:28:17","slug":"22-23-eylul-genclik-festivali","status":"publish","type":"event","link":"https:\/\/radyojuke.com\/web\/event\/22-23-eylul-genclik-festivali\/","title":{"rendered":"22 &#8211; 23 Eyl\u00fcl Gen\u00e7lik Festivali"},"content":{"rendered":"<div class=\"post_image\"><img fetchpriority=\"high\" decoding=\"async\" class=\"attachment-full size-full wp-post-image\" src=\"https:\/\/www.gonyeli.org\/wp-content\/uploads\/2023\/09\/web.jpg\" sizes=\"(max-width: 1600px) 100vw, 1600px\" srcset=\"https:\/\/www.gonyeli.org\/wp-content\/uploads\/2023\/09\/web.jpg 1600w, https:\/\/www.gonyeli.org\/wp-content\/uploads\/2023\/09\/web-245x183.jpg 245w, https:\/\/www.gonyeli.org\/wp-content\/uploads\/2023\/09\/web-1024x765.jpg 1024w, https:\/\/www.gonyeli.org\/wp-content\/uploads\/2023\/09\/web-768x574.jpg 768w, https:\/\/www.gonyeli.org\/wp-content\/uploads\/2023\/09\/web-1536x1148.jpg 1536w\" alt=\"\" width=\"1600\" height=\"1196\" \/><\/div>\n<p>G\u00f6nyeli-Alayk\u00f6y Gen\u00e7lik Festivali bu y\u0131l adan\u0131n kalbinde: G\u00f6nyeli \u00c7emberi\u2019nde (Concorde Otel \u00f6n\u00fc \u00e7im alanda)<\/p>\n<p>G\u00f6nyeli-Alayk\u00f6y Belediyesi\u2019nin her y\u0131l d\u00fczenledi\u011fi ve \u00fclkenin en \u00f6nemli festivalleri aras\u0131nda yer alan G\u00f6nyeli-Alayk\u00f6y Gen\u00e7lik Festivali bu y\u0131l 22-23 Eyl\u00fcl tarihlerinde ger\u00e7ekle\u015ftiriliyor.<\/p>\n<p>Her y\u0131l Yenikent Belediye Bulvar\u0131\u2019nda yap\u0131lan festival, bu y\u0131l farkl\u0131 bir heyecana ev sahipli\u011fi yapacak. Festival, adan\u0131n kalbi olarak nitelendirilen ve bir\u00e7ok \u015fehrin birle\u015fim noktas\u0131 halini alan G\u00f6nyeli \u00c7emberi\u2019nde (Concorde Otel \u00f6n\u00fc \u00e7im alanda) yap\u0131lacak.<\/p>\n<p><strong>G\u00f6nyeli \u00c7emberi binlerce genci a\u011f\u0131rlayacak<\/strong><\/p>\n<p>Bu y\u0131l G\u00f6nyeli \u00c7emberi, binlerce genci a\u011f\u0131rlamaya haz\u0131rlan\u0131yor. Her y\u0131l oldu\u011fu gibi bu y\u0131l da birbirinden \u00f6zel sanat\u00e7\u0131lar, \u015fovlar ve g\u00f6sterilerle G\u00f6nyeli \u00c7emberi gen\u00e7lerin e\u011flence hayk\u0131r\u0131\u015flar\u0131 ile inleyecek.<\/p>\n<p>Herhangi bir olumsuz durum ya\u015fanmamas\u0131 ad\u0131na Polis Genel M\u00fcd\u00fcrl\u00fc\u011f\u00fc ile i\u015fbirli\u011fi i\u00e7erisinde ger\u00e7ekle\u015ftirilecek festivalde hem polis hem de G\u00f6nyeli Alayk\u00f6y Belediyesi Zab\u0131ta Birimi gerek trafik gerekse g\u00fcvenlik konusunda ciddi \u00f6nlemler ald\u0131.<\/p>\n<p>Trafik s\u0131k\u0131\u015f\u0131kl\u0131\u011f\u0131 olu\u015fmamas\u0131 i\u00e7in polis ve belediye g\u00f6revlileri yeni otopark alanlar\u0131 olu\u015fturarak vatanda\u015flar\u0131n festivale rahat\u00e7a ula\u015fabilmesini sa\u011flayacak.<\/p>\n","protected":false},"excerpt":{"rendered":"<p>G\u00f6nyeli-Alayk\u00f6y Gen\u00e7lik Festivali bu y\u0131l adan\u0131n kalbinde: G\u00f6nyeli \u00c7emberi\u2019nde (Concorde Otel \u00f6n\u00fc \u00e7im alanda) G\u00f6nyeli-Alayk\u00f6y Belediyesi\u2019nin her y\u0131l d\u00fczenledi\u011fi ve \u00fclkenin en \u00f6nemli festivalleri aras\u0131nda yer alan G\u00f6nyeli-Alayk\u00f6y Gen\u00e7lik Festivali bu y\u0131l 22-23 Eyl\u00fcl tarihlerinde ger\u00e7ekle\u015ftiriliyor. Her y\u0131l Yenikent Belediye Bulvar\u0131\u2019nda yap\u0131lan festival, bu y\u0131l farkl\u0131 bir heyecana ev sahipli\u011fi ...<\/p>\n","protected":false},"featured_media":8018,"template":"","eventtype":[105,45,93],"class_list":["post-8017","event","type-event","status-publish","has-post-thumbnail","hentry","eventtype-etkinlikler","eventtype-festival","eventtype-one-cikan"],"_links":{"self":[{"href":"https:\/\/radyojuke.com\/web\/wp-json\/wp\/v2\/event\/8017","targetHints":{"allow":["GET"]}}],"collection":[{"href":"https:\/\/radyojuke.com\/web\/wp-json\/wp\/v2\/event"}],"about":[{"href":"https:\/\/radyojuke.com\/web\/wp-json\/wp\/v2\/types\/event"}],"wp:featuredmedia":[{"embeddable":true,"href":"https:\/\/radyojuke.com\/web\/wp-json\/wp\/v2\/media\/8018"}],"wp:attachment":[{"href":"https:\/\/radyojuke.com\/web\/wp-json\/wp\/v2\/media?parent=8017"}],"wp:term":[{"taxonomy":"eventtype","embeddable":true,"href":"https:\/\/radyojuke.com\/web\/wp-json\/wp\/v2\/eventtype?post=8017"}],"curies":[{"name":"wp","href":"https:\/\/api.w.org\/{rel}","templated":true}]}}