{"id":8027,"date":"2026-04-27T15:53:31","date_gmt":"2026-04-27T12:53:31","guid":{"rendered":"https:\/\/radyojuke.com\/web\/?post_type=event&#038;p=8027"},"modified":"2026-04-27T16:12:12","modified_gmt":"2026-04-27T13:12:12","slug":"lefkosa-maratonu-2025","status":"publish","type":"event","link":"https:\/\/radyojuke.com\/web\/event\/lefkosa-maratonu-2025\/","title":{"rendered":"Lefko\u015fa Maratonu 2025"},"content":{"rendered":"<p><strong>12 Ekim Pazar g\u00fcn\u00fc Lefko\u015fa bir Maraton\u2019dan fazlas\u0131n\u0131 ya\u015fayacak<\/strong><\/p>\n<p>Haz\u0131rl\u0131klar\u0131 t\u00fcm h\u0131z\u0131yla s\u00fcren Pazar g\u00fcnk\u00fc etkinlikler kapsam\u0131nda Dj And\u0131m , Dj G\u00f6khan B , DJ Iana Kas start noktas\u0131 ve 4 km. halk ko\u015fusu boyunca setleriyle kat\u0131l\u0131mc\u0131lara e\u015flik edecek. Studio 21 da dans g\u00f6sterisi ile maraton alan\u0131na ayr\u0131 bir enerji katacak.<\/p>\n<p><strong>Parkur boyunca canl\u0131 m\u00fczik ve Dj\u2019lerle maraton heyecan\u0131 t\u00fcm \u015fehre yay\u0131lacak<\/strong><\/p>\n<p>Ko\u015fu parkurunda ise Terminal\u2019de Ahmet Ak\u0131nsel ile Bateri \u015eov, Sedat Simavi Lisesi \u00f6n\u00fcnde ve Yeni\u015fehir I\u015f\u0131klar\u0131\u2019nda bando g\u00f6sterisi, Halk\u0131n Sesi\u2019nin \u00f6n\u00fcnde Dj Box\u2019ta Dj Yusuf Co\u015fkuner, Meclis eski Binas\u0131 \u00f6n\u00fcnde kurulacak sahnede Radyo Juke Dj\u2019leri, Deniz Plaza \u00f6n\u00fcnde Radyo Juke Arabada m\u00fczik ve mahkemeler \u00f6n\u00fcnde de m\u00fczik ve Hanife Teyyareci ve K\u0131rp\u0131k Kukla G\u00f6sterisi yer alacak.<\/p>\n<p>Lefko\u015fa Belediye Orkestras\u0131 da parkur boyunca iki noktada canl\u0131 m\u00fczik performans\u0131 sunacak. Hanife Teyyareci ve K\u0131rp\u0131k ayr\u0131ca \u00c7ocuk Ko\u015fusu \u00f6ncesinde de \u00e7ocuklara y\u00f6nelik bir g\u00f6steri sunacak.<\/p>\n<p>12 Ekim Pazar g\u00fcn\u00fc \u201cEn \u00f6zel ad\u0131mlar\u0131m\u0131z\u201d slogan\u0131 ile 4 farkl\u0131 kategoride ger\u00e7ekle\u015fecek maratondan elde edilecek t\u00fcm gelir, Engelsiz Ya\u015fam Evi ve Rehabilitasyon Merkezi&#8217;ne Spor Kompleksi yap\u0131lmas\u0131 amac\u0131yla Engelsiz Ya\u015fam\u0131 Destekleme Derne\u011fi&#8217;ne ba\u011f\u0131\u015flanacak.<\/p>\n<p>Kahve D\u00fcnyas\u0131 Lefko\u015fa Maratonu, 4 kilometrelik halk ko\u015fusu, \u00e7ocuk ko\u015fusu ve 10 ile 21 kilometrelik parkurlar olmak \u00fczere 4 farkl\u0131 kategoride ko\u015fulacak.<\/p>\n<p>10 km ve 21 km kategori kay\u0131tlar\u0131n\u0131n tamamland\u0131\u011f\u0131 maratonda, 4 kilometre Halk Ko\u015fusu ve \u00c7ocuk Ko\u015fusu i\u00e7in kay\u0131tlar 12 Ekim Pazar 09.30\u2019akadar LTB binas\u0131 \u00f6n\u00fcnden yap\u0131labilecek.<\/p>\n","protected":false},"excerpt":{"rendered":"<p>12 Ekim Pazar g\u00fcn\u00fc Lefko\u015fa bir Maraton\u2019dan fazlas\u0131n\u0131 ya\u015fayacak Haz\u0131rl\u0131klar\u0131 t\u00fcm h\u0131z\u0131yla s\u00fcren Pazar g\u00fcnk\u00fc etkinlikler kapsam\u0131nda Dj And\u0131m , Dj G\u00f6khan B , DJ Iana Kas start noktas\u0131 ve 4 km. halk ko\u015fusu boyunca setleriyle kat\u0131l\u0131mc\u0131lara e\u015flik edecek. Studio 21 da dans g\u00f6sterisi ile maraton alan\u0131na ayr\u0131 bir enerji ...<\/p>\n","protected":false},"featured_media":8028,"template":"","eventtype":[105,45,93],"class_list":["post-8027","event","type-event","status-publish","has-post-thumbnail","hentry","eventtype-etkinlikler","eventtype-festival","eventtype-one-cikan"],"_links":{"self":[{"href":"https:\/\/radyojuke.com\/web\/wp-json\/wp\/v2\/event\/8027","targetHints":{"allow":["GET"]}}],"collection":[{"href":"https:\/\/radyojuke.com\/web\/wp-json\/wp\/v2\/event"}],"about":[{"href":"https:\/\/radyojuke.com\/web\/wp-json\/wp\/v2\/types\/event"}],"wp:featuredmedia":[{"embeddable":true,"href":"https:\/\/radyojuke.com\/web\/wp-json\/wp\/v2\/media\/8028"}],"wp:attachment":[{"href":"https:\/\/radyojuke.com\/web\/wp-json\/wp\/v2\/media?parent=8027"}],"wp:term":[{"taxonomy":"eventtype","embeddable":true,"href":"https:\/\/radyojuke.com\/web\/wp-json\/wp\/v2\/eventtype?post=8027"}],"curies":[{"name":"wp","href":"https:\/\/api.w.org\/{rel}","templated":true}]}}