{"id":2180,"date":"2025-04-15T14:38:18","date_gmt":"2025-04-15T11:38:18","guid":{"rendered":"https:\/\/demo.pro.radio\/wp1\/members\/arthur-bennet\/"},"modified":"2025-07-03T15:20:51","modified_gmt":"2025-07-03T12:20:51","slug":"yusuf-coskuner","status":"publish","type":"members","link":"https:\/\/radyojuke.com\/web\/members\/yusuf-coskuner\/","title":{"rendered":"Yusuf Co\u015fkuner"},"content":{"rendered":"<p>Lefko\u015fa do\u011fumlu Yusuf Co\u015fkuner, 12 Mart 1966\u2019da d\u00fcnyaya gelmi\u015ftir. E\u011fitim hayat\u0131na Lefko\u015fa\u2019da ba\u015flayan Co\u015fkuner, ilkokul ve ortaokulun ard\u0131ndan Sedat Simavi End\u00fcstri Meslek Lisesi Elektronik B\u00f6l\u00fcm\u00fc\u2019nden mezun olmu\u015ftur. 1984 y\u0131l\u0131nda askere gitmi\u015f, 1986\u2019da terhis olduktan sonra \u00e7ocukluk hayali olan m\u00fczik d\u00fcnyas\u0131na ad\u0131m atm\u0131\u015ft\u0131r.<\/p>\n<p>M\u00fczik ve sahne tutkusu k\u0131sa s\u00fcrede mesle\u011fi h\u00e2line gelen Co\u015fkuner, 39 y\u0131l\u0131 a\u015fk\u0131n s\u00fcredir DJ\u2019lik yapmakta; organizasyonlarda, g\u00fczellik ve dans yar\u0131\u015fmalar\u0131nda, defilelerde ve \u00e7e\u015fitli etkinliklerde sahne alarak izleyicilere unutulmaz anlar ya\u015fatmaktad\u0131r. \u201cEfsane DJ Co\u015fkuner\u201d olarak tan\u0131nan ve bu alandaki ustal\u0131\u011f\u0131yla ad\u0131ndan s\u00f6z ettiren sanat\u00e7\u0131, Kuzey K\u0131br\u0131s T\u00fcrk Cumhuriyeti\u2019nde d\u00fczenlenen d\u00f6rt b\u00fcy\u00fck DJ yar\u0131\u015fmas\u0131na katk\u0131da bulunmu\u015f, ayr\u0131ca bir\u00e7ok dans yar\u0131\u015fmas\u0131n\u0131n organizasyonunda da aktif rol \u00fcstlenmi\u015ftir.<\/p>\n<p>KKTC DJ performans rekorunu, 12 saat 30 dakikal\u0131k aral\u0131ks\u0131z sahne s\u00fcresiyle elinde bulunduran Co\u015fkuner, enerjisi ve sahne h\u00e2kimiyetiyle hem meslekta\u015flar\u0131 hem de dinleyicileri taraf\u0131ndan b\u00fcy\u00fck takdir g\u00f6rmektedir. E\u011flenceye olan ba\u011fl\u0131l\u0131\u011f\u0131n\u0131 her zaman daha ileri ta\u015f\u0131may\u0131 hedefleyen Co\u015fkuner, sahnede yaratt\u0131\u011f\u0131 co\u015fku ve samimiyetle dinleyicilerine e\u015fsiz bir deneyim sunmaktad\u0131r.<\/p>\n<p>Pandemi d\u00f6neminin ba\u015f\u0131nda radyo yay\u0131nc\u0131l\u0131\u011f\u0131na da ad\u0131m atan Co\u015fkuner, daha \u00f6nce Bayrak FM\u2019de nostalji program\u0131 haz\u0131rlay\u0131p sunmu\u015ftur. H\u00e2len aktif DJ\u2019lik kariyerinin yan\u0131 s\u0131ra radyo yay\u0131nc\u0131l\u0131\u011f\u0131na da yo\u011fun bir \u015fekilde devam etmektedir.<\/p>\n<p>Evli ve \u00fc\u00e7 \u00e7ocuk babas\u0131 olan Yusuf Co\u015fkuner, radyo d\u00fcnyas\u0131n\u0131 \u201cbamba\u015fka bir d\u00fcnya\u201d olarak tan\u0131mlamakta ve bu d\u00fcnyan\u0131n bir par\u00e7as\u0131 olmaktan b\u00fcy\u00fck bir keyif\u00a0almaktad\u0131r.<\/p>\n","protected":false},"featured_media":6871,"menu_order":0,"template":"","class_list":["post-2180","members","type-members","status-publish","has-post-thumbnail","hentry","membertype-dj","membertype-sunucu"],"_links":{"self":[{"href":"https:\/\/radyojuke.com\/web\/wp-json\/wp\/v2\/members\/2180","targetHints":{"allow":["GET"]}}],"collection":[{"href":"https:\/\/radyojuke.com\/web\/wp-json\/wp\/v2\/members"}],"about":[{"href":"https:\/\/radyojuke.com\/web\/wp-json\/wp\/v2\/types\/members"}],"version-history":[{"count":3,"href":"https:\/\/radyojuke.com\/web\/wp-json\/wp\/v2\/members\/2180\/revisions"}],"predecessor-version":[{"id":6881,"href":"https:\/\/radyojuke.com\/web\/wp-json\/wp\/v2\/members\/2180\/revisions\/6881"}],"wp:featuredmedia":[{"embeddable":true,"href":"https:\/\/radyojuke.com\/web\/wp-json\/wp\/v2\/media\/6871"}],"wp:attachment":[{"href":"https:\/\/radyojuke.com\/web\/wp-json\/wp\/v2\/media?parent=2180"}],"curies":[{"name":"wp","href":"https:\/\/api.w.org\/{rel}","templated":true}]}}