{"id":6226,"date":"2024-03-12T03:16:40","date_gmt":"2024-03-12T01:16:40","guid":{"rendered":"https:\/\/radyojuke.com\/web\/?post_type=members&#038;p=6226"},"modified":"2025-07-07T13:13:56","modified_gmt":"2025-07-07T10:13:56","slug":"eda-kandulu","status":"publish","type":"members","link":"https:\/\/radyojuke.com\/web\/members\/eda-kandulu\/","title":{"rendered":"Eda Kandulu"},"content":{"rendered":"<p>Eda Kandulu, 1988 y\u0131l\u0131nda Lefko\u015fa\u2019da do\u011fdu. Aslen G\u00fczelyurt\u2019ludur. Do\u011fu Akdeniz \u00dcniversitesi Rekreasyon Y\u00f6netimi b\u00f6l\u00fcm\u00fcnden mezun olmu\u015ftur. Yak\u0131n Do\u011fu \u00dcniversitesi\u2019nde Turizm alan\u0131nda y\u00fcksek lisans yapm\u0131\u015ft\u0131r. T\u00fcrkiye, \u0130stanbul\u2019da diksiyon ve tiyatro e\u011fitimi ald\u0131ktan sonra, T\u00fcrkiye\u2019de be\u015f y\u0131l boyunca \u201cG\u00f6zlerin Ard\u0131nda M\u00fczikal\u201d adl\u0131 tiyatro eserinde ba\u015frol oyuncusu olarak yer alm\u0131\u015ft\u0131r.<\/p>\n<p>Hem Kuzey K\u0131br\u0131s T\u00fcrk Cumhuriyeti\u2019ni hem de T\u00fcrkiye Cumhuriyeti\u2019ni, bir\u00e7ok yurt d\u0131\u015f\u0131 tiyatro festivalinde temsil etmi\u015ftir. Temsil i\u00e7in gitti\u011fi ba\u015fl\u0131ca \u00fclkeler; \u0130srail (Jaffa Tiyatro Festivali), Hollanda (Amsterdam), \u0130ngiltere (Londra Tiyatro Festivali), Romanya (Sibiu Tiyatro Festivali) ve Almanya\u2019d\u0131r. Ayr\u0131ca T\u00fcrkiye\u2019nin en b\u00fcy\u00fck tiyatro festivallerinden biri olan Adana Tiyatro Festivali\u2019nde, a\u00e7\u0131l\u0131\u015f oyunu olarak sahne alm\u0131\u015ft\u0131r. Tiyatro oyunu ile bir\u00e7ok \u00f6d\u00fcl kazan\u0131lm\u0131\u015f, \u201cY\u0131l\u0131n En \u0130yi Kad\u0131n Oyuncusu\u201d \u00f6d\u00fclleri de bunlar aras\u0131nda yer alm\u0131\u015ft\u0131r. Ayn\u0131 zamanda T\u00fcrkiye\u2019nin pek \u00e7ok yerinde turnelere kat\u0131lm\u0131\u015ft\u0131r.<\/p>\n<p>\u201cYeni Gelin\u201d dizisinde (Show TV) rol alm\u0131\u015ft\u0131r. Bahad\u0131r Tatl\u0131\u00f6z\u2019\u00fcn \u201cMah\u015fer\u201d isimli klibinde de yer alm\u0131\u015ft\u0131r. K\u0131br\u0131s\u2019a d\u00f6nd\u00fckten sonra BRT\u2019de \u00fc\u00e7 y\u0131l boyunca \u201c45 Dakika Ara\u201d program\u0131n\u0131 ve Devlet Piyangosu \u00e7ekili\u015flerini sunmu\u015ftur. \u00d6te yandan Avrupa Birli\u011fi, Uluslararas\u0131 Hayvanc\u0131l\u0131k Seminerleri ve \u00e7e\u015fitli gala organizasyonlar\u0131n\u0131n sunuculu\u011funu yapm\u0131\u015ft\u0131r. Oktoberfest Sunvalley Festivali\u2019ni sunmu\u015ftur. Radyo Juke i\u015f birli\u011fiyle bir\u00e7ok festivalde de sunuculuk g\u00f6revini \u00fcstlenmi\u015ftir.<\/p>\n<p>Radyo Juke\u2019ta \u00fc\u00e7 y\u0131l boyunca prime time ku\u015faklar\u0131nda program yapm\u0131\u015ft\u0131r. \u201cEda ile Ak\u0131\u015fta Kal\u201d adl\u0131 sabah program\u0131, \u201cY\u0131l\u0131n En \u0130yi Radyo Showu\u201d \u00f6d\u00fcl\u00fcne lay\u0131k g\u00f6r\u00fclm\u00fc\u015ft\u00fcr. Ayr\u0131ca \u201cEda ile Ad\u0131n\u0131 Sen Koy\u201d adl\u0131 \u00f6\u011fleden sonra program\u0131n\u0131 da sunmu\u015ftur. \u015eu anda ise \u201cEda ile Juke Morning Show\u201d adl\u0131 sabah program\u0131n\u0131n sunuculu\u011funu yapmaktad\u0131r.<\/p>\n<p>\u00d6te yandan Eda Kandulu, aile i\u015fletmesi olan b\u00fcy\u00fckba\u015f hayvanc\u0131l\u0131k ve serac\u0131l\u0131k faaliyetlerini de y\u00fcr\u00fctmektedir.<\/p>\n","protected":false},"featured_media":6878,"menu_order":2,"template":"","class_list":["post-6226","members","type-members","status-publish","has-post-thumbnail","hentry","membertype-sunucu"],"_links":{"self":[{"href":"https:\/\/radyojuke.com\/web\/wp-json\/wp\/v2\/members\/6226","targetHints":{"allow":["GET"]}}],"collection":[{"href":"https:\/\/radyojuke.com\/web\/wp-json\/wp\/v2\/members"}],"about":[{"href":"https:\/\/radyojuke.com\/web\/wp-json\/wp\/v2\/types\/members"}],"version-history":[{"count":4,"href":"https:\/\/radyojuke.com\/web\/wp-json\/wp\/v2\/members\/6226\/revisions"}],"predecessor-version":[{"id":6877,"href":"https:\/\/radyojuke.com\/web\/wp-json\/wp\/v2\/members\/6226\/revisions\/6877"}],"wp:featuredmedia":[{"embeddable":true,"href":"https:\/\/radyojuke.com\/web\/wp-json\/wp\/v2\/media\/6878"}],"wp:attachment":[{"href":"https:\/\/radyojuke.com\/web\/wp-json\/wp\/v2\/media?parent=6226"}],"curies":[{"name":"wp","href":"https:\/\/api.w.org\/{rel}","templated":true}]}}